{"id":2,"date":"2018-08-08T20:59:02","date_gmt":"2018-08-08T18:59:02","guid":{"rendered":"https:\/\/www.nistkasten-online.de\/blog\/?page_id=2"},"modified":"2026-04-29T15:25:56","modified_gmt":"2026-04-29T13:25:56","slug":"impressum","status":"publish","type":"page","link":"https:\/\/www.nistkasten-online.de\/blog\/impressum\/","title":{"rendered":"Impressum"},"content":{"rendered":"<p><span style=\"font-size: 14px\"><strong><span style=\"font-size:16px\"><span style=\"font-size:18px\">Impres\u00adsum<\/span><\/span><\/strong><\/span><\/p>\n<p><span style=\"font-size:12px\">Gesetz\u00adli\u00adche Anbieterkennung:<\/span><\/p>\n<p><strong><span style=\"font-size: 14px\">Frank Masu\u00adrek<\/span><span style=\"font-size: 14px\"><\/span><br>\n<span style=\"font-size: 14px\">Kre\u00adfel\u00adder Stra\u00ad\u00dfe&nbsp;330<br> 41748 Viersen<br> Deutschland<br> Tele\u00adfon: +4921625017980<\/span><br>\n<span style=\"font-size: 14px\">E-Mail: <\/span><\/strong><strong><span style=\"font-size: 14px\">info@\u200bnistkasten-\u200bonline.\u200bde<\/span><\/strong><br>\n<strong><span style=\"font-size:14px\"><\/span><\/strong><br>\n<strong><span style=\"font-size:14px\"><br> USt-IdNr.: <span class=\"caps\">DE815196508<\/span><\/span><span style=\"font-size: 14px\"><\/span><\/strong><strong><span style=\"font-size: 14px\"><\/span><\/strong><strong><span style=\"font-size: 14px\"><\/span><\/strong><\/p>\n<p><span style=\"font-size:14px\"><\/span><\/p>\n<p><span style=\"font-size: 14px\"><\/span><\/p>\n<p><strong><span style=\"font-size:14px\">zust\u00e4n\u00addi\u00adge Auf\u00adsichts\u00adbe\u00adh\u00f6r\u00adde f\u00fcr audio\u00advi\u00adsu\u00adel\u00adle Mediendienste:<\/span><\/strong><\/p>\n<p><span style=\"font-size:14px\">Lan\u00addes\u00adan\u00adstalt f\u00fcr Medi\u00aden&nbsp;<span class=\"caps\">NRW<\/span><br> Zoll\u00adhof&nbsp;2<br> 40221 D\u00fcsseldorf<\/span><br>\n<span style=\"font-size: 14px\">Inter\u00adnet:&nbsp;<\/span><a href=\"https:\/\/www.medienanstalt-nrw.de\/\" target=\"_blank\"><span style=\"font-size:14px\">https:\/\/\u200bwww\u200b.medi\u200ben\u200ban\u200bstalt\u200b-nrw\u200b.de\/<\/span><\/a><\/p>\n<p><span style=\"font-size:14px\">Wir sind nicht bereit und nicht ver\u00adpflich\u00adtet, an Streit\u00adbei\u00adle\u00adgungs\u00adver\u00adfah\u00adren vor Ver\u00adbrau\u00adcher\u00adschlich\u00adtungs\u00adstel\u00adlen teilzunehmen.<\/span><\/p>\n<p><span style=\"font-size:14px\"><strong>Wir sind seit&nbsp;<\/strong><\/span><span style=\"font-size:14px\"><strong>22.01.2021&nbsp;<\/strong><\/span><span style=\"font-size:14px\"><strong>Mit\u00adglied der Initia\u00adti\u00adve \u201cFair\u00adCom\u00admer\u00adce\u201d.<\/strong><br> N\u00e4he\u00adre Infor\u00adma\u00adtio\u00adnen hier\u00adzu fin\u00adden Sie unter&nbsp;<a href=\"https:\/\/www.haendlerbund.de\/de\/haendlerbund\/interessenvertretung\/faircommerce\" target=\"_blank\">www\u200b.haend\u200bler\u200bbund\u200b.de\/\u200bf\u200ba\u200bi\u200br\u200bc\u200bo\u200bm\u200bm\u200be\u200brce<\/a>.<\/span><\/p>\n","protected":false},"excerpt":{"rendered":"<p>Impres\u00adsum Gesetz\u00adli\u00adche Anbie\u00adter\u00adken\u00adnung: Frank Masu\u00adrek Kre\u00adfel\u00adder Stra\u00ad\u00dfe&nbsp;330 41748 Vier\u00adsen Deutsch\u00adland Tele\u00adfon: +4921625017980&nbsp;E-Mail: info@\u200bnistkasten-\u200bonline.\u200bde USt-IdNr.: <span class=\"caps\">DE815196508<\/span> zust\u00e4n\u00addi\u00adge Auf\u00adsichts\u00adbe\u00adh\u00f6r\u00adde f\u00fcr audio\u00advi\u00adsu\u00adel\u00adle Medi\u00aden\u00addiens\u00adte: Lan\u00addes\u00adan\u00adstalt f\u00fcr Medi\u00aden&nbsp;<span class=\"caps\">NRW<\/span> Zoll\u00adhof&nbsp;2 40221 D\u00fcs\u00adsel\u00addorf Inter\u00adnet:&nbsp;https:\/\/\u200bwww\u200b.medi\u200ben\u200ban\u200bstalt\u200b-nrw\u200b.de\/ Wir sind nicht bereit und nicht ver\u00adpflich\u00adtet, an Streit\u00adbei\u00adle\u00adgungs\u00adver\u00adfah\u00adren vor Ver\u00adbrau\u00adcher\u00adschlich\u00adtungs\u00adstel\u00adlen teil\u00adzu\u00adneh\u00admen. Wir sind seit&nbsp;22.01.2021&nbsp;Mit\u00adglied der Initia\u00adti\u00adve \u201cFair\u00adCom\u00admer\u00adce\u201d. N\u00e4he\u00adre Infor\u00adma\u00adtio\u00adnen hier\u00adzu finden<\/p>\n","protected":false},"author":1,"featured_media":0,"parent":0,"menu_order":0,"comment_status":"closed","ping_status":"closed","template":"","meta":{"wp_typography_post_enhancements_disabled":false,"footnotes":""},"class_list":["post-2","page","type-page","status-publish","hentry"],"yoast_head":"<!-- This site is optimized with the Yoast SEO Premium plugin v18.4 (Yoast SEO v22.2) - https:\/\/yoast.com\/wordpress\/plugins\/seo\/ -->\n<title>Impressum - Wildv\u00f6gel, Flederm\u00e4use, Igel und Insekten<\/title>\n<meta name=\"robots\" content=\"noindex, follow\" \/>\n<meta property=\"og:locale\" content=\"de_DE\" \/>\n<meta property=\"og:type\" content=\"article\" \/>\n<meta property=\"og:title\" content=\"Impressum\" \/>\n<meta property=\"og:description\" content=\"Impres\u00adsum Gesetz\u00adli\u00adche Anbieterkennung: Frank Masu\u00adrek Kre\u00adfel\u00adder Stra\u00ad\u00dfe&nbsp;330 41748 Viersen Deutschland Tele\u00adfon: +4921625017980 E-Mail: info@\u200bnistkasten-\u200bonline.\u200bde USt-IdNr.: DE815196508 zust\u00e4n\u00addi\u00adge Auf\u00adsichts\u00adbe\u00adh\u00f6r\u00adde f\u00fcr audio\u00advi\u00adsu\u00adel\u00adle Mediendienste: Lan\u00addes\u00adan\u00adstalt f\u00fcr Medi\u00aden&nbsp;NRW Zoll\u00adhof&nbsp;2 40221 D\u00fcsseldorf Inter\u00adnet:&nbsp;https:\/\/\u200bwww\u200b.medi\u200ben\u200ban\u200bstalt\u200b-nrw\u200b.de\/ Wir sind nicht bereit und nicht ver\u00adpflich\u00adtet, an Streit\u00adbei\u00adle\u00adgungs\u00adver\u00adfah\u00adren vor Ver\u00adbrau\u00adcher\u00adschlich\u00adtungs\u00adstel\u00adlen teilzunehmen. Wir sind seit&nbsp;22.01.2021&nbsp;Mit\u00adglied der Initia\u00adti\u00adve \u201cFair\u00adCom\u00admer\u00adce\u201d. N\u00e4he\u00adre Infor\u00adma\u00adtio\u00adnen hier\u00adzu fin\u00adden\" \/>\n<meta property=\"og:url\" content=\"https:\/\/www.nistkasten-online.de\/blog\/impressum\/\" \/>\n<meta property=\"og:site_name\" content=\"Wildv\u00f6gel, Flederm\u00e4use, Igel und Insekten\" \/>\n<meta property=\"article:modified_time\" content=\"2026-04-29T13:25:56+00:00\" \/>\n<meta name=\"twitter:card\" content=\"summary_large_image\" \/>\n<meta name=\"twitter:label1\" content=\"Gesch\u00e4tzte Lesezeit\" \/>\n\t<meta name=\"twitter:data1\" content=\"1\u00a0Minute\" \/>\n<script type=\"application\/ld+json\" class=\"yoast-schema-graph\">{\"@context\":\"https:\/\/schema.org\",\"@graph\":[{\"@type\":\"WebPage\",\"@id\":\"https:\/\/www.nistkasten-online.de\/blog\/impressum\/\",\"url\":\"https:\/\/www.nistkasten-online.de\/blog\/impressum\/\",\"name\":\"Impressum - Wildv\u00f6gel, Flederm\u00e4use, Igel und Insekten\",\"isPartOf\":{\"@id\":\"https:\/\/www.nistkasten-online.de\/blog\/#website\"},\"datePublished\":\"2018-08-08T18:59:02+00:00\",\"dateModified\":\"2026-04-29T13:25:56+00:00\",\"breadcrumb\":{\"@id\":\"https:\/\/www.nistkasten-online.de\/blog\/impressum\/#breadcrumb\"},\"inLanguage\":\"de\",\"potentialAction\":[{\"@type\":\"ReadAction\",\"target\":[\"https:\/\/www.nistkasten-online.de\/blog\/impressum\/\"]}]},{\"@type\":\"BreadcrumbList\",\"@id\":\"https:\/\/www.nistkasten-online.de\/blog\/impressum\/#breadcrumb\",\"itemListElement\":[{\"@type\":\"ListItem\",\"position\":1,\"name\":\"Startseite\",\"item\":\"https:\/\/www.nistkasten-online.de\/blog\/\"},{\"@type\":\"ListItem\",\"position\":2,\"name\":\"Impressum\"}]},{\"@type\":\"WebSite\",\"@id\":\"https:\/\/www.nistkasten-online.de\/blog\/#website\",\"url\":\"https:\/\/www.nistkasten-online.de\/blog\/\",\"name\":\"Wildv\u00f6gel, Flederm\u00e4use, Igel und Insekten\",\"description\":\"Wissenswertes zur Lebensweise unserer schutzbed\u00fcrftigen Lebewesen\",\"publisher\":{\"@id\":\"https:\/\/www.nistkasten-online.de\/blog\/#organization\"},\"potentialAction\":[{\"@type\":\"SearchAction\",\"target\":{\"@type\":\"EntryPoint\",\"urlTemplate\":\"https:\/\/www.nistkasten-online.de\/blog\/?s={search_term_string}\"},\"query-input\":\"required name=search_term_string\"}],\"inLanguage\":\"de\"},{\"@type\":\"Organization\",\"@id\":\"https:\/\/www.nistkasten-online.de\/blog\/#organization\",\"name\":\"Nistkasten-Online\",\"url\":\"https:\/\/www.nistkasten-online.de\/blog\/\",\"logo\":{\"@type\":\"ImageObject\",\"inLanguage\":\"de\",\"@id\":\"https:\/\/www.nistkasten-online.de\/blog\/#\/schema\/logo\/image\/\",\"url\":\"https:\/\/www.nistkasten-online.de\/blog\/wp-content\/uploads\/2018\/09\/logo_vogel.jpg\",\"contentUrl\":\"https:\/\/www.nistkasten-online.de\/blog\/wp-content\/uploads\/2018\/09\/logo_vogel.jpg\",\"width\":176,\"height\":91,\"caption\":\"Nistkasten-Online\"},\"image\":{\"@id\":\"https:\/\/www.nistkasten-online.de\/blog\/#\/schema\/logo\/image\/\"}}]}<\/script>\n<!-- \/ Yoast SEO Premium plugin. -->","yoast_head_json":{"title":"Impressum - Wildv\u00f6gel, Flederm\u00e4use, Igel und Insekten","robots":{"index":"noindex","follow":"follow"},"og_locale":"de_DE","og_type":"article","og_title":"Impressum","og_description":"Impres\u00adsum Gesetz\u00adli\u00adche Anbieterkennung: Frank Masu\u00adrek Kre\u00adfel\u00adder Stra\u00ad\u00dfe&nbsp;330 41748 Viersen Deutschland Tele\u00adfon: +4921625017980 E-Mail: info@\u200bnistkasten-\u200bonline.\u200bde USt-IdNr.: DE815196508 zust\u00e4n\u00addi\u00adge Auf\u00adsichts\u00adbe\u00adh\u00f6r\u00adde f\u00fcr audio\u00advi\u00adsu\u00adel\u00adle Mediendienste: Lan\u00addes\u00adan\u00adstalt f\u00fcr Medi\u00aden&nbsp;NRW Zoll\u00adhof&nbsp;2 40221 D\u00fcsseldorf Inter\u00adnet:&nbsp;https:\/\/\u200bwww\u200b.medi\u200ben\u200ban\u200bstalt\u200b-nrw\u200b.de\/ Wir sind nicht bereit und nicht ver\u00adpflich\u00adtet, an Streit\u00adbei\u00adle\u00adgungs\u00adver\u00adfah\u00adren vor Ver\u00adbrau\u00adcher\u00adschlich\u00adtungs\u00adstel\u00adlen teilzunehmen. Wir sind seit&nbsp;22.01.2021&nbsp;Mit\u00adglied der Initia\u00adti\u00adve \u201cFair\u00adCom\u00admer\u00adce\u201d. N\u00e4he\u00adre Infor\u00adma\u00adtio\u00adnen hier\u00adzu fin\u00adden","og_url":"https:\/\/www.nistkasten-online.de\/blog\/impressum\/","og_site_name":"Wildv\u00f6gel, Flederm\u00e4use, Igel und Insekten","article_modified_time":"2026-04-29T13:25:56+00:00","twitter_card":"summary_large_image","twitter_misc":{"Gesch\u00e4tzte Lesezeit":"1\u00a0Minute"},"schema":{"@context":"https:\/\/schema.org","@graph":[{"@type":"WebPage","@id":"https:\/\/www.nistkasten-online.de\/blog\/impressum\/","url":"https:\/\/www.nistkasten-online.de\/blog\/impressum\/","name":"Impressum - Wildv\u00f6gel, Flederm\u00e4use, Igel und Insekten","isPartOf":{"@id":"https:\/\/www.nistkasten-online.de\/blog\/#website"},"datePublished":"2018-08-08T18:59:02+00:00","dateModified":"2026-04-29T13:25:56+00:00","breadcrumb":{"@id":"https:\/\/www.nistkasten-online.de\/blog\/impressum\/#breadcrumb"},"inLanguage":"de","potentialAction":[{"@type":"ReadAction","target":["https:\/\/www.nistkasten-online.de\/blog\/impressum\/"]}]},{"@type":"BreadcrumbList","@id":"https:\/\/www.nistkasten-online.de\/blog\/impressum\/#breadcrumb","itemListElement":[{"@type":"ListItem","position":1,"name":"Startseite","item":"https:\/\/www.nistkasten-online.de\/blog\/"},{"@type":"ListItem","position":2,"name":"Impressum"}]},{"@type":"WebSite","@id":"https:\/\/www.nistkasten-online.de\/blog\/#website","url":"https:\/\/www.nistkasten-online.de\/blog\/","name":"Wildv\u00f6gel, Flederm\u00e4use, Igel und Insekten","description":"Wissenswertes zur Lebensweise unserer schutzbed\u00fcrftigen Lebewesen","publisher":{"@id":"https:\/\/www.nistkasten-online.de\/blog\/#organization"},"potentialAction":[{"@type":"SearchAction","target":{"@type":"EntryPoint","urlTemplate":"https:\/\/www.nistkasten-online.de\/blog\/?s={search_term_string}"},"query-input":"required name=search_term_string"}],"inLanguage":"de"},{"@type":"Organization","@id":"https:\/\/www.nistkasten-online.de\/blog\/#organization","name":"Nistkasten-Online","url":"https:\/\/www.nistkasten-online.de\/blog\/","logo":{"@type":"ImageObject","inLanguage":"de","@id":"https:\/\/www.nistkasten-online.de\/blog\/#\/schema\/logo\/image\/","url":"https:\/\/www.nistkasten-online.de\/blog\/wp-content\/uploads\/2018\/09\/logo_vogel.jpg","contentUrl":"https:\/\/www.nistkasten-online.de\/blog\/wp-content\/uploads\/2018\/09\/logo_vogel.jpg","width":176,"height":91,"caption":"Nistkasten-Online"},"image":{"@id":"https:\/\/www.nistkasten-online.de\/blog\/#\/schema\/logo\/image\/"}}]}},"_links":{"self":[{"href":"https:\/\/www.nistkasten-online.de\/blog\/wp-json\/wp\/v2\/pages\/2","targetHints":{"allow":["GET"]}}],"collection":[{"href":"https:\/\/www.nistkasten-online.de\/blog\/wp-json\/wp\/v2\/pages"}],"about":[{"href":"https:\/\/www.nistkasten-online.de\/blog\/wp-json\/wp\/v2\/types\/page"}],"author":[{"embeddable":true,"href":"https:\/\/www.nistkasten-online.de\/blog\/wp-json\/wp\/v2\/users\/1"}],"replies":[{"embeddable":true,"href":"https:\/\/www.nistkasten-online.de\/blog\/wp-json\/wp\/v2\/comments?post=2"}],"version-history":[{"count":5,"href":"https:\/\/www.nistkasten-online.de\/blog\/wp-json\/wp\/v2\/pages\/2\/revisions"}],"predecessor-version":[{"id":1855,"href":"https:\/\/www.nistkasten-online.de\/blog\/wp-json\/wp\/v2\/pages\/2\/revisions\/1855"}],"wp:attachment":[{"href":"https:\/\/www.nistkasten-online.de\/blog\/wp-json\/wp\/v2\/media?parent=2"}],"curies":[{"name":"wp","href":"https:\/\/api.w.org\/{rel}","templated":true}]}}